{"id":471,"date":"2025-04-03T13:24:31","date_gmt":"2025-04-03T13:24:31","guid":{"rendered":"https:\/\/mythosiabeauty.com\/la-belleza-de-mythosia\/"},"modified":"2026-04-01T11:49:09","modified_gmt":"2026-04-01T11:49:09","slug":"la-belleza-de-mythosia","status":"publish","type":"page","link":"https:\/\/mythosiabeauty.com\/es\/","title":{"rendered":"La belleza de Mythosia"},"content":{"rendered":"\t\t<div data-elementor-type=\"wp-page\" data-elementor-id=\"471\" class=\"elementor elementor-471 elementor-13\" data-elementor-post-type=\"page\">\n\t\t\t\t<div class=\"elementor-element elementor-element-a215ca6 e-flex e-con-boxed e-con e-parent\" data-id=\"a215ca6\" data-element_type=\"container\" data-settings=\"{&quot;background_background&quot;:&quot;classic&quot;}\">\n\t\t\t\t\t<div class=\"e-con-inner\">\n\t\t<div class=\"elementor-element elementor-element-2b67f5d e-con-full e-flex e-con e-child\" data-id=\"2b67f5d\" data-element_type=\"container\">\n\t\t\t\t<div class=\"elementor-element elementor-element-c004e7e elementor-widget elementor-widget-heading\" data-id=\"c004e7e\" data-element_type=\"widget\" data-widget_type=\"heading.default\">\n\t\t\t\t<div class=\"elementor-widget-container\">\n\t\t\t\t\t<h1 class=\"elementor-heading-title elementor-size-default\">Encuentra el equilibrio<br> entre la belleza interior<br> y la belleza exterior\n<\/h1>\t\t\t\t<\/div>\n\t\t\t\t<\/div>\n\t\t\t\t<div class=\"elementor-element elementor-element-ff92f42 elementor-widget elementor-widget-text-editor\" data-id=\"ff92f42\" data-element_type=\"widget\" data-widget_type=\"text-editor.default\">\n\t\t\t\t<div class=\"elementor-widget-container\">\n\t\t\t\t\t\t\t\t\t<p>La b\u00fasqueda de la belleza aut\u00e9ntica forma parte de un enfoque equilibrado<br>entre el aspecto f\u00edsico y el bienestar interior. Esta armon\u00eda es<br>un objetivo esencial si queremos alcanzar un estado de plenitud natural y duradero. <\/p>\t\t\t\t\t\t\t\t<\/div>\n\t\t\t\t<\/div>\n\t\t\t\t<div class=\"elementor-element elementor-element-19607f9 elementor-widget elementor-widget-button\" data-id=\"19607f9\" data-element_type=\"widget\" data-widget_type=\"button.default\">\n\t\t\t\t<div class=\"elementor-widget-container\">\n\t\t\t\t\t\t\t\t\t<div class=\"elementor-button-wrapper\">\n\t\t\t\t\t<a class=\"elementor-button elementor-button-link elementor-size-sm\" href=\"https:\/\/mythosiabeauty.com\/beaute\/\">\n\t\t\t\t\t\t<span class=\"elementor-button-content-wrapper\">\n\t\t\t\t\t\t\t\t\t<span class=\"elementor-button-text\">SABER M\u00c1S<\/span>\n\t\t\t\t\t<\/span>\n\t\t\t\t\t<\/a>\n\t\t\t\t<\/div>\n\t\t\t\t\t\t\t\t<\/div>\n\t\t\t\t<\/div>\n\t\t\t\t<\/div>\n\t\t\t\t\t<\/div>\n\t\t\t\t<\/div>\n\t\t<div class=\"elementor-element elementor-element-916ea3c e-flex e-con-boxed e-con e-parent\" data-id=\"916ea3c\" data-element_type=\"container\">\n\t\t\t\t\t<div class=\"e-con-inner\">\n\t\t<div class=\"elementor-element elementor-element-7240d44 e-con-full e-flex e-con e-child\" data-id=\"7240d44\" data-element_type=\"container\">\n\t\t<div class=\"elementor-element elementor-element-ef0b2d1 e-con-full e-flex e-con e-child\" data-id=\"ef0b2d1\" data-element_type=\"container\">\n\t\t\t\t<div class=\"elementor-element elementor-element-c417b4c elementor-widget elementor-widget-heading\" data-id=\"c417b4c\" data-element_type=\"widget\" data-widget_type=\"heading.default\">\n\t\t\t\t<div class=\"elementor-widget-container\">\n\t\t\t\t\t<h2 class=\"elementor-heading-title elementor-size-default\">La conexi\u00f3n entre el bienestar mental y el aspecto f\u00edsico\n<\/h2>\t\t\t\t<\/div>\n\t\t\t\t<\/div>\n\t\t\t\t<div class=\"elementor-element elementor-element-f22a8c3 elementor-widget elementor-widget-text-editor\" data-id=\"f22a8c3\" data-element_type=\"widget\" data-widget_type=\"text-editor.default\">\n\t\t\t\t<div class=\"elementor-widget-container\">\n\t\t\t\t\t\t\t\t\t<p>La medicina tradicional y las terapias naturales demuestran la estrecha relaci\u00f3n que existe entre nuestro estado mental<br>y nuestro aspecto. Esta relaci\u00f3n bidireccional influye directamente<br>en nuestro resplandor y salud general. <\/p>\t\t\t\t\t\t\t\t<\/div>\n\t\t\t\t<\/div>\n\t\t<div class=\"elementor-element elementor-element-6afa3be e-con-full e-flex e-con e-child\" data-id=\"6afa3be\" data-element_type=\"container\">\n\t\t<div class=\"elementor-element elementor-element-854bb91 e-con-full e-flex e-con e-child\" data-id=\"854bb91\" data-element_type=\"container\">\n\t\t\t\t<div class=\"elementor-element elementor-element-6423bc7 elementor-widget elementor-widget-heading\" data-id=\"6423bc7\" data-element_type=\"widget\" data-widget_type=\"heading.default\">\n\t\t\t\t<div class=\"elementor-widget-container\">\n\t\t\t\t\t<h3 class=\"elementor-heading-title elementor-size-default\">El impacto de las emociones en nuestra apariencia\n<\/h3>\t\t\t\t<\/div>\n\t\t\t\t<\/div>\n\t\t\t\t<div class=\"elementor-element elementor-element-8cfd2b2 elementor-widget elementor-widget-text-editor\" data-id=\"8cfd2b2\" data-element_type=\"widget\" data-widget_type=\"text-editor.default\">\n\t\t\t\t<div class=\"elementor-widget-container\">\n\t\t\t\t\t\t\t\t\t<p>Nuestro estado emocional se refleja en nuestra piel, nuestra postura y nuestra expresi\u00f3n facial. Los tratamientos de mesoterapia est\u00e9tica, combinados con enfoques naturales como la acupuntura, ayudan a armonizar estas manifestaciones f\u00edsicas de las emociones. <\/p>\t\t\t\t\t\t\t\t<\/div>\n\t\t\t\t<\/div>\n\t\t\t\t<\/div>\n\t\t<div class=\"elementor-element elementor-element-edffcf0 e-con-full elementor-hidden-tablet elementor-hidden-mobile e-flex e-con e-child\" data-id=\"edffcf0\" data-element_type=\"container\" data-settings=\"{&quot;background_background&quot;:&quot;classic&quot;}\">\n\t\t\t\t<\/div>\n\t\t<div class=\"elementor-element elementor-element-1e64af3 e-con-full e-flex e-con e-child\" data-id=\"1e64af3\" data-element_type=\"container\">\n\t\t\t\t<div class=\"elementor-element elementor-element-0608099 elementor-widget elementor-widget-heading\" data-id=\"0608099\" data-element_type=\"widget\" data-widget_type=\"heading.default\">\n\t\t\t\t<div class=\"elementor-widget-container\">\n\t\t\t\t\t<h3 class=\"elementor-heading-title elementor-size-default\">Los signos de la armon\u00eda mente-cuerpo\n<\/h3>\t\t\t\t<\/div>\n\t\t\t\t<\/div>\n\t\t\t\t<div class=\"elementor-element elementor-element-f93aa3d elementor-widget elementor-widget-text-editor\" data-id=\"f93aa3d\" data-element_type=\"widget\" data-widget_type=\"text-editor.default\">\n\t\t\t\t<div class=\"elementor-widget-container\">\n\t\t\t\t\t\t\t\t\t<p>Una piel radiante, un sue\u00f1o reparador y una energ\u00eda equilibrada son signos de armon\u00eda interior. La combinaci\u00f3n de tratamientos naturales y terapias tradicionales ayuda a mantener este equilibrio, que es visible en nuestro aspecto f\u00edsico. <\/p>\t\t\t\t\t\t\t\t<\/div>\n\t\t\t\t<\/div>\n\t\t\t\t<\/div>\n\t\t\t\t<\/div>\n\t\t\t\t<\/div>\n\t\t\t\t<\/div>\n\t\t\t\t\t<\/div>\n\t\t\t\t<\/div>\n\t\t<div class=\"elementor-element elementor-element-945d63b e-flex e-con-boxed e-con e-parent\" data-id=\"945d63b\" data-element_type=\"container\" data-settings=\"{&quot;background_background&quot;:&quot;classic&quot;}\">\n\t\t\t\t\t<div class=\"e-con-inner\">\n\t\t<div class=\"elementor-element elementor-element-2b45714 e-con-full e-flex e-con e-child\" data-id=\"2b45714\" data-element_type=\"container\">\n\t\t<div class=\"elementor-element elementor-element-6e4b3ae e-con-full e-flex e-con e-child\" data-id=\"6e4b3ae\" data-element_type=\"container\">\n\t\t\t\t<div class=\"elementor-element elementor-element-aa3df7e elementor-widget elementor-widget-heading\" data-id=\"aa3df7e\" data-element_type=\"widget\" data-widget_type=\"heading.default\">\n\t\t\t\t<div class=\"elementor-widget-container\">\n\t\t\t\t\t<h2 class=\"elementor-heading-title elementor-size-default\">Pr\u00e1cticas diarias para cultivar tu belleza general\n<\/h2>\t\t\t\t<\/div>\n\t\t\t\t<\/div>\n\t\t\t\t<div class=\"elementor-element elementor-element-b9ebc99 elementor-widget elementor-widget-text-editor\" data-id=\"b9ebc99\" data-element_type=\"widget\" data-widget_type=\"text-editor.default\">\n\t\t\t\t<div class=\"elementor-widget-container\">\n\t\t\t\t\t\t\t\t\t<p>La belleza hol\u00edstica es un enfoque integral que combina los tratamientos externos con el bienestar interior. Esta visi\u00f3n moderna del cuidado personal incorpora m\u00e9todos naturales como la acupuntura, la fitoterapia y la homeopat\u00eda, combinados con los avances de la mesoest\u00e9tica. La perfecta sinergia entre la medicina tradicional y los tratamientos contempor\u00e1neos produce resultados armoniosos.  <\/p>\t\t\t\t\t\t\t\t<\/div>\n\t\t\t\t<\/div>\n\t\t<div class=\"elementor-element elementor-element-058db82 e-con-full e-flex e-con e-child\" data-id=\"058db82\" data-element_type=\"container\">\n\t\t<div class=\"elementor-element elementor-element-d25e2d4 e-con-full e-flex e-con e-child\" data-id=\"d25e2d4\" data-element_type=\"container\" data-settings=\"{&quot;background_background&quot;:&quot;classic&quot;}\">\n\t\t\t\t<div class=\"elementor-element elementor-element-9500cb0 elementor-widget elementor-widget-heading\" data-id=\"9500cb0\" data-element_type=\"widget\" data-widget_type=\"heading.default\">\n\t\t\t\t<div class=\"elementor-widget-container\">\n\t\t\t\t\t<h3 class=\"elementor-heading-title elementor-size-default\">Rituales de cuidado personal adaptados<\/h3>\t\t\t\t<\/div>\n\t\t\t\t<\/div>\n\t\t\t\t<div class=\"elementor-element elementor-element-dfdb28f elementor-widget elementor-widget-text-editor\" data-id=\"dfdb28f\" data-element_type=\"widget\" data-widget_type=\"text-editor.default\">\n\t\t\t\t<div class=\"elementor-widget-container\">\n\t\t\t\t\t\t\t\t\t<p>La creaci\u00f3n de una rutina de belleza comienza con el uso de productos naturales y respetuosos. Los tratamientos faciales se realizan con productos org\u00e1nicos, como limpiadores s\u00f3lidos o hidrolato de rosas. El \u00e1cido hialur\u00f3nico, combinado con la mesoterapia est\u00e9tica, act\u00faa eficazmente en las zonas sensibles del rostro. Un programa completo incluye tambi\u00e9n el tratamiento de problemas espec\u00edficos: ca\u00edda del cabello, celulitis, estr\u00edas o acn\u00e9.   <\/p>\t\t\t\t\t\t\t\t<\/div>\n\t\t\t\t<\/div>\n\t\t\t\t<\/div>\n\t\t<div class=\"elementor-element elementor-element-f668f46 e-con-full e-flex e-con e-child\" data-id=\"f668f46\" data-element_type=\"container\">\n\t\t\t\t<div class=\"elementor-element elementor-element-917c053 elementor-widget elementor-widget-heading\" data-id=\"917c053\" data-element_type=\"widget\" data-widget_type=\"heading.default\">\n\t\t\t\t<div class=\"elementor-widget-container\">\n\t\t\t\t\t<h3 class=\"elementor-heading-title elementor-size-default\">H\u00e1bitos positivos a adoptar\n<\/h3>\t\t\t\t<\/div>\n\t\t\t\t<\/div>\n\t\t\t\t<div class=\"elementor-element elementor-element-17a80cb elementor-widget elementor-widget-text-editor\" data-id=\"17a80cb\" data-element_type=\"widget\" data-widget_type=\"text-editor.default\">\n\t\t\t\t<div class=\"elementor-widget-container\">\n\t\t\t\t\t\t\t\t\t<p>La belleza brilla sobre todo gracias a un estilo de vida sano. Una dieta equilibrada, enriquecida por ejemplo con un desayuno supermix, aporta los nutrientes necesarios. El sue\u00f1o regular y la actividad f\u00edsica contribuyen al resplandor natural. Terapias naturales como la acupuntura apoyan esta transformaci\u00f3n, mientras que herramientas tradicionales como el Gua Sha de cuarzo rosa proporcionan un masaje facial regenerador. Este enfoque global garantiza el equilibrio entre la salud de los \u00f3rganos internos y la calidad de la piel.    <\/p>\t\t\t\t\t\t\t\t<\/div>\n\t\t\t\t<\/div>\n\t\t\t\t<\/div>\n\t\t\t\t<\/div>\n\t\t\t\t<\/div>\n\t\t\t\t<\/div>\n\t\t\t\t\t<\/div>\n\t\t\t\t<\/div>\n\t\t<div class=\"elementor-element elementor-element-2a896c1 e-flex e-con-boxed e-con e-parent\" data-id=\"2a896c1\" data-element_type=\"container\">\n\t\t\t\t\t<div class=\"e-con-inner\">\n\t\t<div class=\"elementor-element elementor-element-91d82bd e-con-full e-flex e-con e-child\" data-id=\"91d82bd\" data-element_type=\"container\">\n\t\t<div class=\"elementor-element elementor-element-9bce040 e-con-full e-flex e-con e-child\" data-id=\"9bce040\" data-element_type=\"container\">\n\t\t\t\t<div class=\"elementor-element elementor-element-c44a05a elementor-widget elementor-widget-heading\" data-id=\"c44a05a\" data-element_type=\"widget\" data-widget_type=\"heading.default\">\n\t\t\t\t<div class=\"elementor-widget-container\">\n\t\t\t\t\t<h2 class=\"elementor-heading-title elementor-size-default\">Alimentos para una belleza integral<\/h2>\t\t\t\t<\/div>\n\t\t\t\t<\/div>\n\t\t\t\t<div class=\"elementor-element elementor-element-9eb46d8 elementor-widget elementor-widget-text-editor\" data-id=\"9eb46d8\" data-element_type=\"widget\" data-widget_type=\"text-editor.default\">\n\t\t\t\t<div class=\"elementor-widget-container\">\n\t\t\t\t\t\t\t\t\t<p>La belleza hol\u00edstica se basa en soluciones naturales y un enfoque global, en el que la dieta desempe\u00f1a un papel fundamental. Una nutrici\u00f3n adecuada, combinada con tratamientos espec\u00edficos, ayuda a conseguir un equilibrio armonioso entre los aspectos internos y externos del cuerpo. Esta filosof\u00eda forma parte de una visi\u00f3n moderna del bienestar,<br>que integra pr\u00e1cticas tradicionales y tratamientos naturales.  <\/p>\t\t\t\t\t\t\t\t<\/div>\n\t\t\t\t<\/div>\n\t\t<div class=\"elementor-element elementor-element-91d453c e-con-full e-flex e-con e-child\" data-id=\"91d453c\" data-element_type=\"container\">\n\t\t<div class=\"elementor-element elementor-element-62c6c19 e-con-full e-flex e-con e-child\" data-id=\"62c6c19\" data-element_type=\"container\">\n\t\t<div class=\"elementor-element elementor-element-affad6d e-con-full e-flex e-con e-child\" data-id=\"affad6d\" data-element_type=\"container\">\n\t\t\t\t<div class=\"elementor-element elementor-element-c664bee elementor-widget elementor-widget-heading\" data-id=\"c664bee\" data-element_type=\"widget\" data-widget_type=\"heading.default\">\n\t\t\t\t<div class=\"elementor-widget-container\">\n\t\t\t\t\t<h3 class=\"elementor-heading-title elementor-size-default\">Nutrientes esenciales para un brillo saludable\n<\/h3>\t\t\t\t<\/div>\n\t\t\t\t<\/div>\n\t\t\t\t<div class=\"elementor-element elementor-element-ee4c7c6 elementor-widget elementor-widget-text-editor\" data-id=\"ee4c7c6\" data-element_type=\"widget\" data-widget_type=\"text-editor.default\">\n\t\t\t\t<div class=\"elementor-widget-container\">\n\t\t\t\t\t\t\t\t\t<p>Las vitaminas y los minerales desempe\u00f1an un papel activo en el mantenimiento de una piel sana y un cutis radiante. Las gominolas enriquecidas con vitaminas son una opci\u00f3n pr\u00e1ctica para completar tu ingesta nutricional diaria. Los superalimentos, como los que se encuentran en las mezclas para el desayuno, aportan los elementos necesarios para nutrir el organismo. La hidrataci\u00f3n, sobre todo con productos naturales como el hidrolato de rosa, ayuda a mantener el rostro radiante.   <\/p>\t\t\t\t\t\t\t\t<\/div>\n\t\t\t\t<\/div>\n\t\t\t\t<\/div>\n\t\t<div class=\"elementor-element elementor-element-32bc930 e-con-full e-flex e-con e-child\" data-id=\"32bc930\" data-element_type=\"container\">\n\t\t\t\t<div class=\"elementor-element elementor-element-2470127 elementor-widget elementor-widget-heading\" data-id=\"2470127\" data-element_type=\"widget\" data-widget_type=\"heading.default\">\n\t\t\t\t<div class=\"elementor-widget-container\">\n\t\t\t\t\t<h3 class=\"elementor-heading-title elementor-size-default\">La conciencia alimentaria y su influencia\n<\/h3>\t\t\t\t<\/div>\n\t\t\t\t<\/div>\n\t\t\t\t<div class=\"elementor-element elementor-element-bd378ea elementor-widget elementor-widget-text-editor\" data-id=\"bd378ea\" data-element_type=\"widget\" data-widget_type=\"text-editor.default\">\n\t\t\t\t<div class=\"elementor-widget-container\">\n\t\t\t\t\t\t\t\t\t<p>Adoptar una dieta sensata va naturalmente de la mano de un estilo de vida m\u00e1s sano. Las f\u00f3rmulas respetuosas con el medio ambiente, los productos ecol\u00f3gicos y el cuidado natural de la piel se combinan con una rutina equilibrada. Este enfoque funciona en armon\u00eda con pr\u00e1cticas como la acupuntura, la fitoterapia y la homeopat\u00eda, creando una sinergia entre los distintos m\u00e9todos de cuidado. El sue\u00f1o y el ejercicio regulares refuerzan los beneficios de una dieta equilibrada.   <\/p>\t\t\t\t\t\t\t\t<\/div>\n\t\t\t\t<\/div>\n\t\t\t\t<\/div>\n\t\t\t\t<\/div>\n\t\t<div class=\"elementor-element elementor-element-39b3878 e-con-full elementor-hidden-tablet elementor-hidden-mobile e-flex e-con e-child\" data-id=\"39b3878\" data-element_type=\"container\" data-settings=\"{&quot;background_background&quot;:&quot;classic&quot;}\">\n\t\t\t\t<\/div>\n\t\t\t\t<\/div>\n\t\t\t\t<\/div>\n\t\t\t\t<\/div>\n\t\t\t\t\t<\/div>\n\t\t\t\t<\/div>\n\t\t<div class=\"elementor-element elementor-element-d1eabdd e-flex e-con-boxed e-con e-parent\" data-id=\"d1eabdd\" data-element_type=\"container\" data-settings=\"{&quot;background_background&quot;:&quot;classic&quot;}\">\n\t\t\t\t\t<div class=\"e-con-inner\">\n\t\t<div class=\"elementor-element elementor-element-ca7641b e-con-full e-flex e-con e-child\" data-id=\"ca7641b\" data-element_type=\"container\">\n\t\t<div class=\"elementor-element elementor-element-cc2b6eb e-con-full e-flex e-con e-child\" data-id=\"cc2b6eb\" data-element_type=\"container\">\n\t\t\t\t<div class=\"elementor-element elementor-element-729243d elementor-widget elementor-widget-heading\" data-id=\"729243d\" data-element_type=\"widget\" data-widget_type=\"heading.default\">\n\t\t\t\t<div class=\"elementor-widget-container\">\n\t\t\t\t\t<h2 class=\"elementor-heading-title elementor-size-default\">La autoaceptaci\u00f3n como fundamento de la belleza\n<\/h2>\t\t\t\t<\/div>\n\t\t\t\t<\/div>\n\t\t\t\t<div class=\"elementor-element elementor-element-33c50e0 elementor-widget elementor-widget-text-editor\" data-id=\"33c50e0\" data-element_type=\"widget\" data-widget_type=\"text-editor.default\">\n\t\t\t\t<div class=\"elementor-widget-container\">\n\t\t\t\t\t\t\t\t\t<p>La belleza hol\u00edstica es un enfoque integral que combina armoniosamente el aspecto f\u00edsico y el bienestar interior. Esta filosof\u00eda se basa en pr\u00e1cticas ancestrales como la acupuntura y la medicina tradicional, combinadas con los avances modernos en el cuidado de la belleza. <\/p>\t\t\t\t\t\t\t\t<\/div>\n\t\t\t\t<\/div>\n\t\t<div class=\"elementor-element elementor-element-943d61c e-con-full e-flex e-con e-child\" data-id=\"943d61c\" data-element_type=\"container\">\n\t\t<div class=\"elementor-element elementor-element-843bde9 e-con-full e-flex e-con e-child\" data-id=\"843bde9\" data-element_type=\"container\">\n\t\t\t\t<div class=\"elementor-element elementor-element-1d0ef58 elementor-flip-box--effect-zoom-out elementor-widget elementor-widget-flip-box\" data-id=\"1d0ef58\" data-element_type=\"widget\" data-widget_type=\"flip-box.default\">\n\t\t\t\t<div class=\"elementor-widget-container\">\n\t\t\t\t\t\t\t<div class=\"elementor-flip-box\" tabindex=\"0\">\n\t\t\t<div class=\"elementor-flip-box__layer elementor-flip-box__front\">\n\t\t\t\t<div class=\"elementor-flip-box__layer__overlay\">\n\t\t\t\t\t<div class=\"elementor-flip-box__layer__inner\">\n\t\t\t\t\t\t\t\t\t\t\t\t\t<div class=\"elementor-icon-wrapper elementor-view-default\">\n\t\t\t\t\t\t\t\t<div class=\"elementor-icon\">\n\t\t\t\t\t\t\t\t\t\t\t\t\t\t\t\t\t<\/div>\n\t\t\t\t\t\t\t<\/div>\n\t\t\t\t\t\t\n\t\t\t\t\t\t\t\t\t\t\t\t\t<h3 class=\"elementor-flip-box__layer__title\">\n\t\t\t\t\t\t\t\tEjercicios de asertividad<br> \t\t\t\t\t\t\t<\/h3>\n\t\t\t\t\t\t\n\t\t\t\t\t\t\t\t\t\t\t<\/div>\n\t\t\t\t<\/div>\n\t\t\t<\/div>\n\t\t\t<div class=\"elementor-flip-box__layer elementor-flip-box__back\">\n\t\t\t<div class=\"elementor-flip-box__layer__overlay\">\n\t\t\t\t<div class=\"elementor-flip-box__layer__inner\">\n\t\t\t\t\t\n\t\t\t\t\t\t\t\t\t\t\t<div class=\"elementor-flip-box__layer__description\">\n\t\t\t\t\t\t\tLa autoafirmaci\u00f3n implica una serie de pr\u00e1cticas naturales y tratamientos espec\u00edficos. La mesoest\u00e9tica, la homeopat\u00eda y la fitoterapia son herramientas inestimables para aumentar la autoestima. Los testimonios de los pacientes confirman la eficacia de este enfoque hol\u00edstico, con resultados tangibles para su bienestar general y su aspecto.  \n\t\t\t\t\t\t<\/div>\n\t\t\t\t\t\n\t\t\t\t\t\t\t\t<\/div>\n\t\t<\/div>\n\t\t<\/div>\n\t\t<\/div>\n\t\t\t\t\t\t<\/div>\n\t\t\t\t<\/div>\n\t\t\t\t<\/div>\n\t\t<div class=\"elementor-element elementor-element-aec1dbe e-con-full e-flex e-con e-child\" data-id=\"aec1dbe\" data-element_type=\"container\">\n\t\t\t\t<div class=\"elementor-element elementor-element-5dec0ec elementor-flip-box--effect-zoom-out elementor-widget elementor-widget-flip-box\" data-id=\"5dec0ec\" data-element_type=\"widget\" data-widget_type=\"flip-box.default\">\n\t\t\t\t<div class=\"elementor-widget-container\">\n\t\t\t\t\t\t\t<div class=\"elementor-flip-box\" tabindex=\"0\">\n\t\t\t<div class=\"elementor-flip-box__layer elementor-flip-box__front\">\n\t\t\t\t<div class=\"elementor-flip-box__layer__overlay\">\n\t\t\t\t\t<div class=\"elementor-flip-box__layer__inner\">\n\t\t\t\t\t\t\t\t\t\t\t\t\t<div class=\"elementor-icon-wrapper elementor-view-default\">\n\t\t\t\t\t\t\t\t<div class=\"elementor-icon\">\n\t\t\t\t\t\t\t\t\t\t\t\t\t\t\t\t\t<\/div>\n\t\t\t\t\t\t\t<\/div>\n\t\t\t\t\t\t\n\t\t\t\t\t\t\t\t\t\t\t\t\t<h3 class=\"elementor-flip-box__layer__title\">\n\t\t\t\t\t\t\t\tConstruir una imagen positiva<br> \t\t\t\t\t\t\t<\/h3>\n\t\t\t\t\t\t\n\t\t\t\t\t\t\t\t\t\t\t<\/div>\n\t\t\t\t<\/div>\n\t\t\t<\/div>\n\t\t\t<div class=\"elementor-flip-box__layer elementor-flip-box__back\">\n\t\t\t<div class=\"elementor-flip-box__layer__overlay\">\n\t\t\t\t<div class=\"elementor-flip-box__layer__inner\">\n\t\t\t\t\t\n\t\t\t\t\t\t\t\t\t\t\t<div class=\"elementor-flip-box__layer__description\">\n\t\t\t\t\t\t\tLa construcci\u00f3n de una imagen positiva se basa en un m\u00e9todo global que combina la salud interna y externa. Este enfoque incluye el cuidado natural de la piel, una nutrici\u00f3n adecuada y tratamientos espec\u00edficos como el \u00e1cido hialur\u00f3nico. Los productos ecol\u00f3gicos, las terapias naturales y un estilo de vida equilibrado, que incluya un sue\u00f1o de calidad y ejercicio regular, forman parte de esta transformaci\u00f3n. Esta visi\u00f3n moderna de la belleza forma parte de una tendencia hacia un enfoque hol\u00edstico que respeta el cuerpo y el medio ambiente.   \n\t\t\t\t\t\t<\/div>\n\t\t\t\t\t\n\t\t\t\t\t\t\t\t<\/div>\n\t\t<\/div>\n\t\t<\/div>\n\t\t<\/div>\n\t\t\t\t\t\t<\/div>\n\t\t\t\t<\/div>\n\t\t\t\t<\/div>\n\t\t\t\t<\/div>\n\t\t\t\t<\/div>\n\t\t\t\t<\/div>\n\t\t\t\t\t<\/div>\n\t\t\t\t<\/div>\n\t\t<div class=\"elementor-element elementor-element-915b3ab e-flex e-con-boxed e-con e-parent\" data-id=\"915b3ab\" data-element_type=\"container\">\n\t\t\t\t\t<div class=\"e-con-inner\">\n\t\t<div class=\"elementor-element elementor-element-31b20c3 e-con-full e-flex e-con e-child\" data-id=\"31b20c3\" data-element_type=\"container\">\n\t\t<div class=\"elementor-element elementor-element-be2154a e-con-full e-flex e-con e-child\" data-id=\"be2154a\" data-element_type=\"container\">\n\t\t\t\t<div class=\"elementor-element elementor-element-ffc889d elementor-widget elementor-widget-heading\" data-id=\"ffc889d\" data-element_type=\"widget\" data-widget_type=\"heading.default\">\n\t\t\t\t<div class=\"elementor-widget-container\">\n\t\t\t\t\t<h2 class=\"elementor-heading-title elementor-size-default\">Terapias combinadas naturales y de belleza\n<\/h2>\t\t\t\t<\/div>\n\t\t\t\t<\/div>\n\t\t\t\t<div class=\"elementor-element elementor-element-e66840a elementor-widget elementor-widget-text-editor\" data-id=\"e66840a\" data-element_type=\"widget\" data-widget_type=\"text-editor.default\">\n\t\t\t\t<div class=\"elementor-widget-container\">\n\t\t\t\t\t\t\t\t\tEl enfoque moderno de la belleza se basa en una armon\u00eda entre tratamientos naturales y t\u00e9cnicas est\u00e9ticas avanzadas. Esta fusi\u00f3n ofrece resultados notables respetando el equilibrio natural del cuerpo. M\u00e9todos tradicionales como la acupuntura y la fitoterapia se combinan con innovaciones cosm\u00e9ticas para crear una sinergia eficaz.  \n\t\t\t\t\t\t\t\t<\/div>\n\t\t\t\t<\/div>\n\t\t<div class=\"elementor-element elementor-element-685187f e-con-full e-flex e-con e-child\" data-id=\"685187f\" data-element_type=\"container\">\n\t\t<div class=\"elementor-element elementor-element-c83e422 e-con-full e-flex e-con e-child\" data-id=\"c83e422\" data-element_type=\"container\" data-settings=\"{&quot;background_background&quot;:&quot;classic&quot;}\">\n\t\t\t\t<div class=\"elementor-element elementor-element-b7e2294 elementor-widget elementor-widget-heading\" data-id=\"b7e2294\" data-element_type=\"widget\" data-widget_type=\"heading.default\">\n\t\t\t\t<div class=\"elementor-widget-container\">\n\t\t\t\t\t<h3 class=\"elementor-heading-title elementor-size-default\">Combinaci\u00f3n de tratamientos tradicionales y modernos\n<\/h3>\t\t\t\t<\/div>\n\t\t\t\t<\/div>\n\t\t\t\t<div class=\"elementor-element elementor-element-5d05eb4 elementor-widget elementor-widget-text-editor\" data-id=\"5d05eb4\" data-element_type=\"widget\" data-widget_type=\"text-editor.default\">\n\t\t\t\t<div class=\"elementor-widget-container\">\n\t\t\t\t\t\t\t\t\t<p>La medicina tradicional aporta su sabidur\u00eda milenaria con la acupuntura y la homeopat\u00eda, mientras que la mesoest\u00e9tica ofrece soluciones contempor\u00e1neas como el \u00e1cido hialur\u00f3nico. Esta combinaci\u00f3n trata distintas zonas del rostro: sienes, frente, p\u00e1rpados, arrugas, p\u00f3mulos, mejillas, labios y cuello. Los protocolos tambi\u00e9n incluyen soluciones para la ca\u00edda del cabello, la celulitis y las estr\u00edas. Los productos org\u00e1nicos y naturales constituyen la base de los tratamientos, complementados con t\u00e9cnicas modernas espec\u00edficas.   <\/p>\t\t\t\t\t\t\t\t<\/div>\n\t\t\t\t<\/div>\n\t\t\t\t<\/div>\n\t\t<div class=\"elementor-element elementor-element-d93052b e-con-full elementor-hidden-tablet elementor-hidden-mobile e-flex e-con e-child\" data-id=\"d93052b\" data-element_type=\"container\" data-settings=\"{&quot;background_background&quot;:&quot;classic&quot;}\">\n\t\t\t\t<\/div>\n\t\t\t\t<\/div>\n\t\t\t\t<\/div>\n\t\t\t\t<\/div>\n\t\t\t\t\t<\/div>\n\t\t\t\t<\/div>\n\t\t<div class=\"elementor-element elementor-element-2628c55 e-flex e-con-boxed e-con e-parent\" data-id=\"2628c55\" data-element_type=\"container\">\n\t\t\t\t\t<div class=\"e-con-inner\">\n\t\t<div class=\"elementor-element elementor-element-78cfe40 e-con-full e-flex e-con e-child\" data-id=\"78cfe40\" data-element_type=\"container\">\n\t\t\t\t<div class=\"elementor-element elementor-element-0578aba elementor-widget elementor-widget-heading\" data-id=\"0578aba\" data-element_type=\"widget\" data-widget_type=\"heading.default\">\n\t\t\t\t<div class=\"elementor-widget-container\">\n\t\t\t\t\t<h3 class=\"elementor-heading-title elementor-size-default\">Protocolos de medicina alternativa en est\u00e9tica<\/h3>\t\t\t\t<\/div>\n\t\t\t\t<\/div>\n\t\t\t\t<div class=\"elementor-element elementor-element-983b457 elementor-widget elementor-widget-text-editor\" data-id=\"983b457\" data-element_type=\"widget\" data-widget_type=\"text-editor.default\">\n\t\t\t\t<div class=\"elementor-widget-container\">\n\t\t\t\t\t\t\t\t\t<p>Los m\u00e9todos alternativos se adaptan a las necesidades espec\u00edficas de cada paciente. La fitoterapia refuerza la acci\u00f3n de los tratamientos de belleza, mientras que la nutrici\u00f3n contribuye a la mejora general de la piel. Este enfoque tiene en cuenta la salud de los \u00f3rganos internos y el estado de la piel. Los resultados observados muestran una mejora significativa del bienestar general, combinada con efectos visibles sobre la calidad de la piel. El uso de productos respetuosos con el medio ambiente y el mantenimiento de un estilo de vida equilibrado refuerzan la eficacia de los tratamientos.    <\/p>\t\t\t\t\t\t\t\t<\/div>\n\t\t\t\t<\/div>\n\t\t\t\t<div class=\"elementor-element elementor-element-2c83407 elementor-grid-3 elementor-grid-tablet-2 elementor-grid-mobile-1 elementor-posts--thumbnail-top elementor-widget elementor-widget-posts\" data-id=\"2c83407\" data-element_type=\"widget\" data-settings=\"{&quot;classic_columns&quot;:&quot;3&quot;,&quot;classic_columns_tablet&quot;:&quot;2&quot;,&quot;classic_columns_mobile&quot;:&quot;1&quot;,&quot;classic_row_gap&quot;:{&quot;unit&quot;:&quot;px&quot;,&quot;size&quot;:35,&quot;sizes&quot;:[]},&quot;classic_row_gap_tablet&quot;:{&quot;unit&quot;:&quot;px&quot;,&quot;size&quot;:&quot;&quot;,&quot;sizes&quot;:[]},&quot;classic_row_gap_mobile&quot;:{&quot;unit&quot;:&quot;px&quot;,&quot;size&quot;:&quot;&quot;,&quot;sizes&quot;:[]}}\" data-widget_type=\"posts.classic\">\n\t\t\t\t<div class=\"elementor-widget-container\">\n\t\t\t\t\t\t\t<div class=\"elementor-posts-container elementor-posts elementor-posts--skin-classic elementor-grid\">\n\t\t\t\t<article class=\"elementor-post elementor-grid-item post-520 post type-post status-publish format-standard has-post-thumbnail hentry category-moda\">\n\t\t\t\t<a class=\"elementor-post__thumbnail__link\" href=\"https:\/\/mythosiabeauty.com\/es\/2026\/04\/01\/elige-el-mejor-pantalon-cargo-hombre-por-su-corte-y-tejido\/\" tabindex=\"-1\" >\n\t\t\t<div class=\"elementor-post__thumbnail\"><img fetchpriority=\"high\" decoding=\"async\" width=\"300\" height=\"167\" src=\"https:\/\/mythosiabeauty.com\/wp-content\/uploads\/2026\/04\/zi1rvjla_698d2a88-22ce-4bbd-86bb-b8b2c588032b-300x167.jpg\" class=\"attachment-medium size-medium wp-image-522\" alt=\"\" srcset=\"https:\/\/mythosiabeauty.com\/wp-content\/uploads\/2026\/04\/zi1rvjla_698d2a88-22ce-4bbd-86bb-b8b2c588032b-300x167.jpg 300w, https:\/\/mythosiabeauty.com\/wp-content\/uploads\/2026\/04\/zi1rvjla_698d2a88-22ce-4bbd-86bb-b8b2c588032b-1024x572.jpg 1024w, https:\/\/mythosiabeauty.com\/wp-content\/uploads\/2026\/04\/zi1rvjla_698d2a88-22ce-4bbd-86bb-b8b2c588032b-768x429.jpg 768w, https:\/\/mythosiabeauty.com\/wp-content\/uploads\/2026\/04\/zi1rvjla_698d2a88-22ce-4bbd-86bb-b8b2c588032b.jpg 1376w\" sizes=\"(max-width: 300px) 100vw, 300px\" \/><\/div>\n\t\t<\/a>\n\t\t\t\t<div class=\"elementor-post__text\">\n\t\t\t\t<h3 class=\"elementor-post__title\">\n\t\t\t<a href=\"https:\/\/mythosiabeauty.com\/es\/2026\/04\/01\/elige-el-mejor-pantalon-cargo-hombre-por-su-corte-y-tejido\/\" >\n\t\t\t\tElige el mejor pantal\u00f3n cargo hombre por su corte y tejido\t\t\t<\/a>\n\t\t<\/h3>\n\t\t\t\t<div class=\"elementor-post__meta-data\">\n\t\t\t\t\t<span class=\"elementor-post-date\">\n\t\t\tabril 1, 2026\t\t<\/span>\n\t\t\t\t<\/div>\n\t\t\t\t<div class=\"elementor-post__excerpt\">\n\t\t\t<p>\u00bfTe frustra elegir entre un estilo moderno o la libertad de movimiento necesaria para tu d\u00eda a d\u00eda? Encontrar el pantal\u00f3n cargo hombre ideal requiere<\/p>\n\t\t<\/div>\n\t\t\n\t\t<a class=\"elementor-post__read-more\" href=\"https:\/\/mythosiabeauty.com\/es\/2026\/04\/01\/elige-el-mejor-pantalon-cargo-hombre-por-su-corte-y-tejido\/\" aria-label=\"Read more about Elige el mejor pantal\u00f3n cargo hombre por su corte y tejido\" tabindex=\"-1\" >\n\t\t\tLeer m\u00e1s\"\t\t<\/a>\n\n\t\t\t\t<\/div>\n\t\t\t\t<\/article>\n\t\t\t\t<article class=\"elementor-post elementor-grid-item post-511 post type-post status-publish format-standard has-post-thumbnail hentry\">\n\t\t\t\t<a class=\"elementor-post__thumbnail__link\" href=\"https:\/\/mythosiabeauty.com\/es\/2025\/11\/04\/ropa-de-calle-para-mujer-de-la-calle-al-lujo-en-2025\/\" tabindex=\"-1\" >\n\t\t\t<div class=\"elementor-post__thumbnail\"><img decoding=\"async\" width=\"300\" height=\"200\" src=\"https:\/\/mythosiabeauty.com\/wp-content\/uploads\/2025\/11\/evolution-streetwear-femmes-300x200.webp\" class=\"attachment-medium size-medium wp-image-512\" alt=\"\" srcset=\"https:\/\/mythosiabeauty.com\/wp-content\/uploads\/2025\/11\/evolution-streetwear-femmes-300x200.webp 300w, https:\/\/mythosiabeauty.com\/wp-content\/uploads\/2025\/11\/evolution-streetwear-femmes-1024x683.webp 1024w, https:\/\/mythosiabeauty.com\/wp-content\/uploads\/2025\/11\/evolution-streetwear-femmes-768x512.webp 768w, https:\/\/mythosiabeauty.com\/wp-content\/uploads\/2025\/11\/evolution-streetwear-femmes.webp 1536w\" sizes=\"(max-width: 300px) 100vw, 300px\" \/><\/div>\n\t\t<\/a>\n\t\t\t\t<div class=\"elementor-post__text\">\n\t\t\t\t<h3 class=\"elementor-post__title\">\n\t\t\t<a href=\"https:\/\/mythosiabeauty.com\/es\/2025\/11\/04\/ropa-de-calle-para-mujer-de-la-calle-al-lujo-en-2025\/\" >\n\t\t\t\tRopa de calle para mujer: de la calle al lujo en 2025\t\t\t<\/a>\n\t\t<\/h3>\n\t\t\t\t<div class=\"elementor-post__meta-data\">\n\t\t\t\t\t<span class=\"elementor-post-date\">\n\t\t\tnoviembre 4, 2025\t\t<\/span>\n\t\t\t\t<\/div>\n\t\t\t\t<div class=\"elementor-post__excerpt\">\n\t\t\t<p>Ropa de calle para mujer: comodidad, lujo y creatividad Puntos clave a recordar: La ropa de calle femenina, nacida de una cultura masculina, simboliza la<\/p>\n\t\t<\/div>\n\t\t\n\t\t<a class=\"elementor-post__read-more\" href=\"https:\/\/mythosiabeauty.com\/es\/2025\/11\/04\/ropa-de-calle-para-mujer-de-la-calle-al-lujo-en-2025\/\" aria-label=\"Read more about Ropa de calle para mujer: de la calle al lujo en 2025\" tabindex=\"-1\" >\n\t\t\tLeer m\u00e1s\"\t\t<\/a>\n\n\t\t\t\t<\/div>\n\t\t\t\t<\/article>\n\t\t\t\t<article class=\"elementor-post elementor-grid-item post-513 post type-post status-publish format-standard has-post-thumbnail hentry\">\n\t\t\t\t<a class=\"elementor-post__thumbnail__link\" href=\"https:\/\/mythosiabeauty.com\/es\/2025\/09\/16\/el-te-verde-y-japon-tradiciones-variedades-y-beneficios\/\" tabindex=\"-1\" >\n\t\t\t<div class=\"elementor-post__thumbnail\"><img decoding=\"async\" width=\"300\" height=\"167\" src=\"https:\/\/mythosiabeauty.com\/wp-content\/uploads\/2025\/09\/Le-the-vert-et-le-Japon-traditions-varietes-et-bienfaits-300x167.jpg\" class=\"attachment-medium size-medium wp-image-514\" alt=\"\" srcset=\"https:\/\/mythosiabeauty.com\/wp-content\/uploads\/2025\/09\/Le-the-vert-et-le-Japon-traditions-varietes-et-bienfaits-300x167.jpg 300w, https:\/\/mythosiabeauty.com\/wp-content\/uploads\/2025\/09\/Le-the-vert-et-le-Japon-traditions-varietes-et-bienfaits-1024x572.jpg 1024w, https:\/\/mythosiabeauty.com\/wp-content\/uploads\/2025\/09\/Le-the-vert-et-le-Japon-traditions-varietes-et-bienfaits-768x429.jpg 768w, https:\/\/mythosiabeauty.com\/wp-content\/uploads\/2025\/09\/Le-the-vert-et-le-Japon-traditions-varietes-et-bienfaits-1536x857.jpg 1536w, https:\/\/mythosiabeauty.com\/wp-content\/uploads\/2025\/09\/Le-the-vert-et-le-Japon-traditions-varietes-et-bienfaits-2048x1143.jpg 2048w\" sizes=\"(max-width: 300px) 100vw, 300px\" \/><\/div>\n\t\t<\/a>\n\t\t\t\t<div class=\"elementor-post__text\">\n\t\t\t\t<h3 class=\"elementor-post__title\">\n\t\t\t<a href=\"https:\/\/mythosiabeauty.com\/es\/2025\/09\/16\/el-te-verde-y-japon-tradiciones-variedades-y-beneficios\/\" >\n\t\t\t\tEl t\u00e9 verde y Jap\u00f3n: tradiciones, variedades y beneficios\t\t\t<\/a>\n\t\t<\/h3>\n\t\t\t\t<div class=\"elementor-post__meta-data\">\n\t\t\t\t\t<span class=\"elementor-post-date\">\n\t\t\tseptiembre 16, 2025\t\t<\/span>\n\t\t\t\t<\/div>\n\t\t\t\t<div class=\"elementor-post__excerpt\">\n\t\t\t<p>El t\u00e9 verde y Jap\u00f3n: tradiciones, variedades y beneficios Probablemente est\u00e9s familiarizado con el matcha y el sencha, pero \u00bfsabes realmente qu\u00e9 hace tan especial<\/p>\n\t\t<\/div>\n\t\t\n\t\t<a class=\"elementor-post__read-more\" href=\"https:\/\/mythosiabeauty.com\/es\/2025\/09\/16\/el-te-verde-y-japon-tradiciones-variedades-y-beneficios\/\" aria-label=\"Read more about El t\u00e9 verde y Jap\u00f3n: tradiciones, variedades y beneficios\" tabindex=\"-1\" >\n\t\t\tLeer m\u00e1s\"\t\t<\/a>\n\n\t\t\t\t<\/div>\n\t\t\t\t<\/article>\n\t\t\t\t<article class=\"elementor-post elementor-grid-item post-504 post type-post status-publish format-standard has-post-thumbnail hentry\">\n\t\t\t\t<a class=\"elementor-post__thumbnail__link\" href=\"https:\/\/mythosiabeauty.com\/es\/2025\/08\/25\/contorno-de-ojos-todo-lo-que-debes-saber\/\" tabindex=\"-1\" >\n\t\t\t<div class=\"elementor-post__thumbnail\"><img loading=\"lazy\" decoding=\"async\" width=\"300\" height=\"167\" src=\"https:\/\/mythosiabeauty.com\/wp-content\/uploads\/2025\/08\/Contour-des-yeux-tout-ce-quil-faut-savoir-300x167.jpg\" class=\"attachment-medium size-medium wp-image-505\" alt=\"\" srcset=\"https:\/\/mythosiabeauty.com\/wp-content\/uploads\/2025\/08\/Contour-des-yeux-tout-ce-quil-faut-savoir-300x167.jpg 300w, https:\/\/mythosiabeauty.com\/wp-content\/uploads\/2025\/08\/Contour-des-yeux-tout-ce-quil-faut-savoir-1024x572.jpg 1024w, https:\/\/mythosiabeauty.com\/wp-content\/uploads\/2025\/08\/Contour-des-yeux-tout-ce-quil-faut-savoir-768x429.jpg 768w, https:\/\/mythosiabeauty.com\/wp-content\/uploads\/2025\/08\/Contour-des-yeux-tout-ce-quil-faut-savoir-1536x857.jpg 1536w, https:\/\/mythosiabeauty.com\/wp-content\/uploads\/2025\/08\/Contour-des-yeux-tout-ce-quil-faut-savoir-2048x1143.jpg 2048w\" sizes=\"(max-width: 300px) 100vw, 300px\" \/><\/div>\n\t\t<\/a>\n\t\t\t\t<div class=\"elementor-post__text\">\n\t\t\t\t<h3 class=\"elementor-post__title\">\n\t\t\t<a href=\"https:\/\/mythosiabeauty.com\/es\/2025\/08\/25\/contorno-de-ojos-todo-lo-que-debes-saber\/\" >\n\t\t\t\tContorno de ojos: todo lo que debes saber\t\t\t<\/a>\n\t\t<\/h3>\n\t\t\t\t<div class=\"elementor-post__meta-data\">\n\t\t\t\t\t<span class=\"elementor-post-date\">\n\t\t\tagosto 25, 2025\t\t<\/span>\n\t\t\t\t<\/div>\n\t\t\t\t<div class=\"elementor-post__excerpt\">\n\t\t\t<p>Contorno de ojos: todo lo que debes saber Ojeras, bolsas hinchadas, las primeras l\u00edneas de expresi\u00f3n: el contorno de los ojos suele delatar nuestra fatiga<\/p>\n\t\t<\/div>\n\t\t\n\t\t<a class=\"elementor-post__read-more\" href=\"https:\/\/mythosiabeauty.com\/es\/2025\/08\/25\/contorno-de-ojos-todo-lo-que-debes-saber\/\" aria-label=\"Read more about Contorno de ojos: todo lo que debes saber\" tabindex=\"-1\" >\n\t\t\tLeer m\u00e1s\"\t\t<\/a>\n\n\t\t\t\t<\/div>\n\t\t\t\t<\/article>\n\t\t\t\t<\/div>\n\t\t\n\t\t\t\t\t\t<\/div>\n\t\t\t\t<\/div>\n\t\t\t\t<\/div>\n\t\t\t\t\t<\/div>\n\t\t\t\t<\/div>\n\t\t<div class=\"elementor-element elementor-element-62655c2 e-flex e-con-boxed e-con e-parent\" data-id=\"62655c2\" data-element_type=\"container\">\n\t\t\t\t\t<div class=\"e-con-inner\">\n\t\t\t\t\t<\/div>\n\t\t\t\t<\/div>\n\t\t\t\t<\/div>\n\t\t","protected":false},"excerpt":{"rendered":"<p>Encuentra el equilibrio entre la belleza interior y la belleza exterior La b\u00fasqueda de la belleza aut\u00e9ntica forma parte de un enfoque equilibradoentre el aspecto f\u00edsico y el bienestar interior. Esta armon\u00eda esun objetivo esencial si queremos alcanzar un estado de plenitud natural y duradero. SABER M\u00c1S La conexi\u00f3n entre el bienestar mental y el [&hellip;]<\/p>\n","protected":false},"author":2,"featured_media":0,"parent":0,"menu_order":0,"comment_status":"closed","ping_status":"closed","template":"","meta":{"footnotes":""},"class_list":["post-471","page","type-page","status-publish","hentry"],"yoast_head":"<!-- This site is optimized with the Yoast SEO plugin v24.8.1 - https:\/\/yoast.com\/wordpress\/plugins\/seo\/ -->\n<title>Excelencia en Belleza y Bienestar<\/title>\n<meta name=\"description\" content=\"Mythosia Beauty te ofrece tratamientos de belleza de alta gama que combinan experiencia e innovaci\u00f3n. M\u00e1s informaci\u00f3n sobre nuestros servicios de belleza.\" \/>\n<meta name=\"robots\" content=\"index, follow, max-snippet:-1, max-image-preview:large, max-video-preview:-1\" \/>\n<link rel=\"canonical\" href=\"https:\/\/mythosiabeauty.com\/es\/\" \/>\n<meta property=\"og:locale\" content=\"es_ES\" \/>\n<meta property=\"og:type\" content=\"article\" \/>\n<meta property=\"og:title\" content=\"Excelencia en Belleza y Bienestar\" \/>\n<meta property=\"og:description\" content=\"Mythosia Beauty te ofrece tratamientos de belleza de alta gama que combinan experiencia e innovaci\u00f3n. M\u00e1s informaci\u00f3n sobre nuestros servicios de belleza.\" \/>\n<meta property=\"og:url\" content=\"https:\/\/mythosiabeauty.com\/es\/\" \/>\n<meta property=\"og:site_name\" content=\"Mythosia Beauty.com\" \/>\n<meta property=\"article:modified_time\" content=\"2026-04-01T11:49:09+00:00\" \/>\n<meta name=\"twitter:card\" content=\"summary_large_image\" \/>\n<meta name=\"twitter:label1\" content=\"Tiempo de lectura\" \/>\n\t<meta name=\"twitter:data1\" content=\"6 minutos\" \/>\n<script type=\"application\/ld+json\" class=\"yoast-schema-graph\">{\"@context\":\"https:\/\/schema.org\",\"@graph\":[{\"@type\":\"WebPage\",\"@id\":\"https:\/\/mythosiabeauty.com\/es\/\",\"url\":\"https:\/\/mythosiabeauty.com\/es\/\",\"name\":\"Excelencia en Belleza y Bienestar\",\"isPartOf\":{\"@id\":\"https:\/\/mythosiabeauty.com\/es\/#website\"},\"datePublished\":\"2025-04-03T13:24:31+00:00\",\"dateModified\":\"2026-04-01T11:49:09+00:00\",\"description\":\"Mythosia Beauty te ofrece tratamientos de belleza de alta gama que combinan experiencia e innovaci\u00f3n. M\u00e1s informaci\u00f3n sobre nuestros servicios de belleza.\",\"breadcrumb\":{\"@id\":\"https:\/\/mythosiabeauty.com\/es\/#breadcrumb\"},\"inLanguage\":\"es\",\"potentialAction\":[{\"@type\":\"ReadAction\",\"target\":[\"https:\/\/mythosiabeauty.com\/es\/\"]}]},{\"@type\":\"BreadcrumbList\",\"@id\":\"https:\/\/mythosiabeauty.com\/es\/#breadcrumb\",\"itemListElement\":[{\"@type\":\"ListItem\",\"position\":1,\"name\":\"Accueil\",\"item\":\"https:\/\/mythosiabeauty.com\/es\/la-belleza-de-mythosia\/\"},{\"@type\":\"ListItem\",\"position\":2,\"name\":\"La belleza de Mythosia\"}]},{\"@type\":\"WebSite\",\"@id\":\"https:\/\/mythosiabeauty.com\/es\/#website\",\"url\":\"https:\/\/mythosiabeauty.com\/es\/\",\"name\":\"Mythosia Beauty.com\",\"description\":\"\",\"publisher\":{\"@id\":\"https:\/\/mythosiabeauty.com\/es\/#organization\"},\"potentialAction\":[{\"@type\":\"SearchAction\",\"target\":{\"@type\":\"EntryPoint\",\"urlTemplate\":\"https:\/\/mythosiabeauty.com\/es\/?s={search_term_string}\"},\"query-input\":{\"@type\":\"PropertyValueSpecification\",\"valueRequired\":true,\"valueName\":\"search_term_string\"}}],\"inLanguage\":\"es\"},{\"@type\":\"Organization\",\"@id\":\"https:\/\/mythosiabeauty.com\/es\/#organization\",\"name\":\"Mythosia Beauty.com\",\"url\":\"https:\/\/mythosiabeauty.com\/es\/\",\"logo\":{\"@type\":\"ImageObject\",\"inLanguage\":\"es\",\"@id\":\"https:\/\/mythosiabeauty.com\/es\/#\/schema\/logo\/image\/\",\"url\":\"https:\/\/mythosiabeauty.com\/wp-content\/uploads\/2025\/04\/cropped-cropped-cropped-cropped-cropped-Icon.png\",\"contentUrl\":\"https:\/\/mythosiabeauty.com\/wp-content\/uploads\/2025\/04\/cropped-cropped-cropped-cropped-cropped-Icon.png\",\"width\":136,\"height\":177,\"caption\":\"Mythosia Beauty.com\"},\"image\":{\"@id\":\"https:\/\/mythosiabeauty.com\/es\/#\/schema\/logo\/image\/\"}}]}<\/script>\n<!-- \/ Yoast SEO plugin. -->","yoast_head_json":{"title":"Excelencia en Belleza y Bienestar","description":"Mythosia Beauty te ofrece tratamientos de belleza de alta gama que combinan experiencia e innovaci\u00f3n. M\u00e1s informaci\u00f3n sobre nuestros servicios de belleza.","robots":{"index":"index","follow":"follow","max-snippet":"max-snippet:-1","max-image-preview":"max-image-preview:large","max-video-preview":"max-video-preview:-1"},"canonical":"https:\/\/mythosiabeauty.com\/es\/","og_locale":"es_ES","og_type":"article","og_title":"Excelencia en Belleza y Bienestar","og_description":"Mythosia Beauty te ofrece tratamientos de belleza de alta gama que combinan experiencia e innovaci\u00f3n. M\u00e1s informaci\u00f3n sobre nuestros servicios de belleza.","og_url":"https:\/\/mythosiabeauty.com\/es\/","og_site_name":"Mythosia Beauty.com","article_modified_time":"2026-04-01T11:49:09+00:00","twitter_card":"summary_large_image","twitter_misc":{"Tiempo de lectura":"6 minutos"},"schema":{"@context":"https:\/\/schema.org","@graph":[{"@type":"WebPage","@id":"https:\/\/mythosiabeauty.com\/es\/","url":"https:\/\/mythosiabeauty.com\/es\/","name":"Excelencia en Belleza y Bienestar","isPartOf":{"@id":"https:\/\/mythosiabeauty.com\/es\/#website"},"datePublished":"2025-04-03T13:24:31+00:00","dateModified":"2026-04-01T11:49:09+00:00","description":"Mythosia Beauty te ofrece tratamientos de belleza de alta gama que combinan experiencia e innovaci\u00f3n. M\u00e1s informaci\u00f3n sobre nuestros servicios de belleza.","breadcrumb":{"@id":"https:\/\/mythosiabeauty.com\/es\/#breadcrumb"},"inLanguage":"es","potentialAction":[{"@type":"ReadAction","target":["https:\/\/mythosiabeauty.com\/es\/"]}]},{"@type":"BreadcrumbList","@id":"https:\/\/mythosiabeauty.com\/es\/#breadcrumb","itemListElement":[{"@type":"ListItem","position":1,"name":"Accueil","item":"https:\/\/mythosiabeauty.com\/es\/la-belleza-de-mythosia\/"},{"@type":"ListItem","position":2,"name":"La belleza de Mythosia"}]},{"@type":"WebSite","@id":"https:\/\/mythosiabeauty.com\/es\/#website","url":"https:\/\/mythosiabeauty.com\/es\/","name":"Mythosia Beauty.com","description":"","publisher":{"@id":"https:\/\/mythosiabeauty.com\/es\/#organization"},"potentialAction":[{"@type":"SearchAction","target":{"@type":"EntryPoint","urlTemplate":"https:\/\/mythosiabeauty.com\/es\/?s={search_term_string}"},"query-input":{"@type":"PropertyValueSpecification","valueRequired":true,"valueName":"search_term_string"}}],"inLanguage":"es"},{"@type":"Organization","@id":"https:\/\/mythosiabeauty.com\/es\/#organization","name":"Mythosia Beauty.com","url":"https:\/\/mythosiabeauty.com\/es\/","logo":{"@type":"ImageObject","inLanguage":"es","@id":"https:\/\/mythosiabeauty.com\/es\/#\/schema\/logo\/image\/","url":"https:\/\/mythosiabeauty.com\/wp-content\/uploads\/2025\/04\/cropped-cropped-cropped-cropped-cropped-Icon.png","contentUrl":"https:\/\/mythosiabeauty.com\/wp-content\/uploads\/2025\/04\/cropped-cropped-cropped-cropped-cropped-Icon.png","width":136,"height":177,"caption":"Mythosia Beauty.com"},"image":{"@id":"https:\/\/mythosiabeauty.com\/es\/#\/schema\/logo\/image\/"}}]}},"_links":{"self":[{"href":"https:\/\/mythosiabeauty.com\/es\/wp-json\/wp\/v2\/pages\/471","targetHints":{"allow":["GET"]}}],"collection":[{"href":"https:\/\/mythosiabeauty.com\/es\/wp-json\/wp\/v2\/pages"}],"about":[{"href":"https:\/\/mythosiabeauty.com\/es\/wp-json\/wp\/v2\/types\/page"}],"author":[{"embeddable":true,"href":"https:\/\/mythosiabeauty.com\/es\/wp-json\/wp\/v2\/users\/2"}],"replies":[{"embeddable":true,"href":"https:\/\/mythosiabeauty.com\/es\/wp-json\/wp\/v2\/comments?post=471"}],"version-history":[{"count":1,"href":"https:\/\/mythosiabeauty.com\/es\/wp-json\/wp\/v2\/pages\/471\/revisions"}],"predecessor-version":[{"id":488,"href":"https:\/\/mythosiabeauty.com\/es\/wp-json\/wp\/v2\/pages\/471\/revisions\/488"}],"wp:attachment":[{"href":"https:\/\/mythosiabeauty.com\/es\/wp-json\/wp\/v2\/media?parent=471"}],"curies":[{"name":"wp","href":"https:\/\/api.w.org\/{rel}","templated":true}]}}